{"id":4886,"date":"2021-05-26T03:18:49","date_gmt":"2021-05-26T02:18:49","guid":{"rendered":"https:\/\/www.artalu.pt\/chamines-2\/"},"modified":"2023-04-13T22:15:59","modified_gmt":"2023-04-13T21:15:59","slug":"vedacoes","status":"publish","type":"page","link":"https:\/\/artalu.pt\/fr\/servicos\/vedacoes\/","title":{"rendered":"Cl\u00f4ture en aluminium"},"content":{"rendered":"<div class=\"vce-row-container\" data-vce-boxed-width=\"true\">\r\n<div id=\"el-8da8c46c\" class=\"vce-row vce-row--col-gap-30 vce-row-equal-height vce-row-content--top\" data-vce-do-apply=\"all el-8da8c46c\">\r\n<div class=\"vce-row-content\" data-vce-element-content=\"true\">\r\n\r\n\r\n<div id=\"el-cb2e0720\" class=\"vce-col vce-col--md-50p vce-col--xs-1 vce-col--xs-last vce-col--xs-first vce-col--sm-last vce-col--sm-first vce-col--md-first vce-col--lg-first vce-col--xl-first\">\r\n<div class=\"vce-col-inner\" data-vce-do-apply=\"border margin background el-cb2e0720\">\r\n<div class=\"vce-col-content\" data-vce-element-content=\"true\" data-vce-do-apply=\"padding el-cb2e0720\">\r\n\r\n\r\n<div class=\"vce-single-image-container vce-single-image--align-left\">\r\n<div id=\"el-ce7a2ce3\" class=\"vce vce-single-image-wrapper\" data-vce-do-apply=\"all el-ce7a2ce3\">\r\n<figure>\r\n<div class=\"vce-single-image-figure-inner\" style=\"width: 800px;\">\r\n<div class=\"vce-single-image-inner vce-single-image--absolute\" style=\"width: 100%; padding-bottom: 100%;\"><img loading=\"lazy\" decoding=\"async\" class=\"vce-single-image\" title=\"\" src=\"https:\/\/artalu.pt\/wp-content\/uploads\/VEDACOES-em-aluminio-800x400.jpg\" srcset=\"https:\/\/artalu.pt\/wp-content\/uploads\/VEDACOES-em-aluminio-800x400.jpg 800w, https:\/\/artalu.pt\/wp-content\/uploads\/VEDACOES-em-aluminio-320x320.jpg 320w, https:\/\/artalu.pt\/wp-content\/uploads\/VEDACOES-em-aluminio-480x480.jpg 480w\" alt=\"Veda\u00e7\u00f5es em alum\u00ednio\" width=\"800\" height=\"800\" data-img-src=\"https:\/\/artalu.pt\/wp-content\/uploads\/VEDACOES-em-aluminio.jpg\" data-attachment-id=\"4901\" \/><\/div>\r\n<\/div>\r\n<figcaption hidden=\"\"><\/figcaption><\/figure>\r\n<\/div>\r\n<\/div>\r\n\r\n\r\n<\/div>\r\n<\/div>\r\n<\/div>\r\n\r\n<div id=\"el-7fd06a3d\" class=\"vce-col vce-col--md-50p vce-col--xs-1 vce-col--xs-last vce-col--xs-first vce-col--sm-last vce-col--sm-first vce-col--md-last vce-col--lg-last vce-col--xl-last\">\r\n<div class=\"vce-col-inner\" data-vce-do-apply=\"border margin background el-7fd06a3d\">\r\n<div class=\"vce-col-content\" data-vce-element-content=\"true\" data-vce-do-apply=\"padding el-7fd06a3d\">\r\n\r\n\r\n<div class=\"vce-text-block\">\r\n<div id=\"el-66aaf7a7\" class=\"vce-text-block-wrapper vce\" data-vce-do-apply=\"all el-66aaf7a7\">\r\n<h2>Cl\u00f4ture en aluminium<\/h2>\r\nSyst\u00e8me de cl\u00f4ture en aluminium tr\u00e8s r\u00e9sistant, innovant et facile \u00e0 assembler.\nCette cl\u00f4ture en aluminium est la solution id\u00e9ale pour d\u00e9limiter esth\u00e9tiquement votre propri\u00e9t\u00e9.\nFabriqu\u00e9e \u00e0 partir de profil\u00e9s en aluminium thermo laqu\u00e9s avec de la poudre polyester textur\u00e9e apr\u00e8s un cycle de pr\u00e9traitement de protection et de pr\u00e9paration.\nSon entretien est minimal et elle est tr\u00e8s r\u00e9sistante aux conditions climatiques, ce qui fait d\u2019elle, une solution id\u00e9ale dans la dur\u00e9e de vie, plus longue que celles des cl\u00f4tures plus traditionnelles telles que le PVC ou le bois.\nUne solution flexible qui permet diff\u00e9rentes combinaisons de design, par le positionnement et les dimensions des lames disponibles.\nUn syst\u00e8me d'assemblage coulissant unique et innovant qui facilite le montage initial des lames, mais aussi leur remplacement, par exemple en cas de vandalisme.\nExiste en 4 coloris standards : Blanc, 7016, Sabl\u00e9 100 et Sabl\u00e9 200. Finition - Thermolaquage sup\u00e9rieur \u00e0 60 \u03bcm Hauteur maximale conseill\u00e9e - 1,50 m Distance maximale entre poteaux - 2 m Dimensions semelle - 9,5 cm x 8 cm Fourniture - Vendu en kits avec lames pr\u00e9d\u00e9coup\u00e9es\r\n\r\n<\/div>\r\n<\/div>\r\n\r\n<div class=\"vce-shortcode\">\r\n<div id=\"el-79c2690c\" class=\"vce-shortcode-wrapper vce\" data-vce-do-apply=\"all el-79c2690c\">\n<div class=\"wpcf7 no-js\" id=\"wpcf7-f4116-o1\" lang=\"en-US\" dir=\"ltr\" data-wpcf7-id=\"4116\">\n<div class=\"screen-reader-response\"><p role=\"status\" aria-live=\"polite\" aria-atomic=\"true\"><\/p> <ul><\/ul><\/div>\n<form action=\"\/fr\/wp-json\/wp\/v2\/pages\/4886#wpcf7-f4116-o1\" method=\"post\" class=\"wpcf7-form init\" aria-label=\"Contact form\" novalidate=\"novalidate\" data-status=\"init\" data-trp-original-action=\"\/fr\/wp-json\/wp\/v2\/pages\/4886#wpcf7-f4116-o1\">\n<fieldset class=\"hidden-fields-container\"><input type=\"hidden\" name=\"_wpcf7\" value=\"4116\" \/><input type=\"hidden\" name=\"_wpcf7_version\" value=\"6.1.5\" \/><input type=\"hidden\" name=\"_wpcf7_locale\" value=\"en_US\" \/><input type=\"hidden\" name=\"_wpcf7_unit_tag\" value=\"wpcf7-f4116-o1\" \/><input type=\"hidden\" name=\"_wpcf7_container_post\" value=\"0\" \/><input type=\"hidden\" name=\"_wpcf7_posted_data_hash\" value=\"\" \/><input type=\"hidden\" name=\"_wpcf7_recaptcha_response\" value=\"\" \/>\n<\/fieldset>\n<div class=\"row\">\n\t<p class=\"col-md-6\"><br \/>\n<span class=\"wpcf7-form-control-wrap\" data-name=\"nome\"><input size=\"40\" maxlength=\"400\" class=\"wpcf7-form-control wpcf7-text wpcf7-validates-as-required\" aria-required=\"true\" aria-invalid=\"false\" placeholder=\"Nom *\" value=\"\" type=\"text\" name=\"nome\" \/><\/span>\n\t<\/p>\n\t<p class=\"col-md-6\"><br \/>\n<span class=\"wpcf7-form-control-wrap\" data-name=\"morada\"><input size=\"40\" maxlength=\"400\" class=\"wpcf7-form-control wpcf7-text wpcf7-validates-as-required\" aria-required=\"true\" aria-invalid=\"false\" placeholder=\"Adresse *\" value=\"\" type=\"text\" name=\"morada\" \/><\/span>\n\t<\/p>\n<\/div>\n<div class=\"row\">\n\t<p class=\"col-md-6\"><br \/>\n<span class=\"wpcf7-form-control-wrap\" data-name=\"telefone\"><input size=\"40\" maxlength=\"400\" class=\"wpcf7-form-control wpcf7-text wpcf7-validates-as-required\" aria-required=\"true\" aria-invalid=\"false\" placeholder=\"T\u00e9l\u00e9phone *\" value=\"\" type=\"text\" name=\"telefone\" \/><\/span>\n\t<\/p>\n\t<p class=\"col-md-6\"><br \/>\n<span class=\"wpcf7-form-control-wrap\" data-name=\"email\"><input size=\"40\" maxlength=\"400\" class=\"wpcf7-form-control wpcf7-email wpcf7-validates-as-required wpcf7-text wpcf7-validates-as-email\" aria-required=\"true\" aria-invalid=\"false\" placeholder=\"Email *\" value=\"\" type=\"email\" name=\"email\" \/><\/span>\n\t<\/p>\n<\/div>\n<div class=\"row\">\n\t<p class=\"col-md-12\" ><br \/>\n<span class=\"form-col-block\"><span class=\"wpcf7-form-control-wrap\" data-name=\"enquire-type\"><select class=\"wpcf7-form-control wpcf7-select wpcf7-validates-as-required\" aria-required=\"true\" aria-invalid=\"false\" name=\"enquire-type\"><option value=\"Caleiras\">Goutti\u00e8res<\/option><option value=\"Rufos\">Bandes de solin<\/option><option value=\"Servi\u00e7o de Quinagem\">Service de pliage<\/option><option value=\"Junta Agrafada\">Joint debout<\/option><option value=\"Port\u00f5es\">Portails alu soud\u00e9<\/option><option value=\"Tetos Falsos\">Faux plafonds<\/option><option value=\"Chamin\u00e9 de Remate\">Chamin\u00e9 de Remate<\/option><option value=\"Chamin\u00e9 de Aspira\u00e7\u00e3o\">Chamin\u00e9 de Aspira\u00e7\u00e3o<\/option><option value=\"Aplica\u00e7\u00e3o\">Demande<\/option><option value=\"Perfilagem\">Profilage<\/option><option value=\"Veda\u00e7\u00f5es em Alum\u00ednio\">Cl\u00f4ture en aluminium<\/option><option value=\"Outras Veda\u00e7\u00f5es\">Autres cl\u00f4tures<\/option><\/select><\/span><\/span>\n\t<\/p>\n<\/div>\n<div class=\"row\">\n\t<p class=\"col-md-12\"><br \/>\n<span class=\"wpcf7-form-control-wrap\" data-name=\"mensagem\"><textarea cols=\"40\" rows=\"10\" maxlength=\"2000\" class=\"wpcf7-form-control wpcf7-textarea wpcf7-validates-as-required\" aria-required=\"true\" aria-invalid=\"false\" placeholder=\"Message *\" name=\"mensagem\"><\/textarea><\/span>\n\t<\/p>\n<\/div>\n<div class=\"row\">\n\t<p class=\"col-md-6 captcha_test\"><br \/>\n<input type=\"hidden\" name=\"_wpcf7_captcha_challenge_captcha-937\" value=\"2159577889\" \/><img class=\"wpcf7-form-control wpcf7-captchac wpcf7-captcha-captcha-937\" width=\"84\" height=\"28\" alt=\"captcha\" src=\"https:\/\/artalu.pt\/wp-content\/uploads\/wpcf7_captcha\/2159577889.png\" \/><br \/>\n<span class=\"wpcf7-form-control-wrap\" data-name=\"captcha-937\"><input size=\"40\" class=\"wpcf7-form-control wpcf7-captchar\" autocomplete=\"off\" aria-invalid=\"false\" placeholder=\"Captcha *\" value=\"\" type=\"text\" name=\"captcha-937\" \/><\/span>\n\t<\/p>\n\t<p class=\"col-md-6\"><input class=\"wpcf7-form-control wpcf7-submit has-spinner\" type=\"submit\" value=\"Envoyer\" \/>\n\t<\/p>\n<\/div><div class=\"wpcf7-response-output\" aria-hidden=\"true\"><\/div>\n<input type=\"hidden\" name=\"trp-form-language\" value=\"fr\"\/><\/form>\n<\/div>\n<\/div>\r\n<\/div>\r\n\r\n\r\n<\/div>\r\n<\/div>\r\n<\/div>\r\n\r\n\r\n<\/div>\r\n<\/div>\r\n<\/div>","protected":false},"excerpt":{"rendered":"<p>Veda\u00e7\u00f5es em Alum\u00ednio Sistema de veda\u00e7\u00e3o em alum\u00ednio altamente resistente, inovador e f\u00e1cil de montar. Esta veda\u00e7\u00e3o em alum\u00ednio \u00e9 a solu\u00e7\u00e3o ideal para delimitar esteticamente a sua propriedade. Fabricada com perfis de alum\u00ednio termolacado [&hellip;]<\/p>\n<a href=\"https:\/\/artalu.pt\/fr\/servicos\/vedacoes\/\" class=\"entry-more pro-btn pro-btn-rounded pro-btn-xxs pro-btn-flat-accent\">Lire la suite<span class=\"screen-reader-text\"> about Veda\u00e7\u00f5es<\/span><\/a>","protected":false},"author":2,"featured_media":0,"parent":11,"menu_order":0,"comment_status":"closed","ping_status":"closed","template":"","meta":{"footnotes":""},"class_list":["post-4886","page","type-page","status-publish","hentry"],"yoast_head":"<!-- This site is optimized with the Yoast SEO plugin v26.6 - https:\/\/yoast.com\/wordpress\/plugins\/seo\/ -->\n<title>Veda\u00e7\u00f5es - Art Alu<\/title>\n<meta name=\"robots\" content=\"index, follow, max-snippet:-1, max-image-preview:large, max-video-preview:-1\" \/>\n<link rel=\"canonical\" href=\"https:\/\/artalu.pt\/fr\/servicos\/vedacoes\/\" \/>\n<meta property=\"og:locale\" content=\"fr_FR\" \/>\n<meta property=\"og:type\" content=\"article\" \/>\n<meta property=\"og:title\" content=\"Veda\u00e7\u00f5es - Art Alu\" \/>\n<meta property=\"og:description\" content=\"Veda\u00e7\u00f5es em Alum\u00ednio Sistema de veda\u00e7\u00e3o em alum\u00ednio altamente resistente, inovador e f\u00e1cil de montar. Esta veda\u00e7\u00e3o em alum\u00ednio \u00e9 a solu\u00e7\u00e3o ideal para delimitar esteticamente a sua propriedade. Fabricada com perfis de alum\u00ednio termolacado [&hellip;]\" \/>\n<meta property=\"og:url\" content=\"https:\/\/artalu.pt\/fr\/servicos\/vedacoes\/\" \/>\n<meta property=\"og:site_name\" content=\"Art Alu\" \/>\n<meta property=\"article:publisher\" content=\"https:\/\/www.facebook.com\/Art-alu-537140353141922\/\" \/>\n<meta property=\"article:modified_time\" content=\"2023-04-13T21:15:59+00:00\" \/>\n<meta property=\"og:image\" content=\"https:\/\/artalu.pt\/wp-content\/uploads\/VEDACOES-em-aluminio-800x400.jpg\" \/>\n<meta name=\"twitter:card\" content=\"summary_large_image\" \/>\n<meta name=\"twitter:label1\" content=\"Dur\u00e9e de lecture estim\u00e9e\" \/>\n\t<meta name=\"twitter:data1\" content=\"2 minutes\" \/>\n<script type=\"application\/ld+json\" class=\"yoast-schema-graph\">{\"@context\":\"https:\/\/schema.org\",\"@graph\":[{\"@type\":\"WebPage\",\"@id\":\"https:\/\/artalu.pt\/servicos\/vedacoes\/\",\"url\":\"https:\/\/artalu.pt\/servicos\/vedacoes\/\",\"name\":\"Veda\u00e7\u00f5es - Art Alu\",\"isPartOf\":{\"@id\":\"https:\/\/artalu.pt\/#website\"},\"primaryImageOfPage\":{\"@id\":\"https:\/\/artalu.pt\/servicos\/vedacoes\/#primaryimage\"},\"image\":{\"@id\":\"https:\/\/artalu.pt\/servicos\/vedacoes\/#primaryimage\"},\"thumbnailUrl\":\"https:\/\/artalu.pt\/wp-content\/uploads\/VEDACOES-em-aluminio-800x400.jpg\",\"datePublished\":\"2021-05-26T02:18:49+00:00\",\"dateModified\":\"2023-04-13T21:15:59+00:00\",\"breadcrumb\":{\"@id\":\"https:\/\/artalu.pt\/servicos\/vedacoes\/#breadcrumb\"},\"inLanguage\":\"fr-FR\",\"potentialAction\":[{\"@type\":\"ReadAction\",\"target\":[\"https:\/\/artalu.pt\/servicos\/vedacoes\/\"]}]},{\"@type\":\"ImageObject\",\"inLanguage\":\"fr-FR\",\"@id\":\"https:\/\/artalu.pt\/servicos\/vedacoes\/#primaryimage\",\"url\":\"https:\/\/artalu.pt\/wp-content\/uploads\/VEDACOES-em-aluminio-800x400.jpg\",\"contentUrl\":\"https:\/\/artalu.pt\/wp-content\/uploads\/VEDACOES-em-aluminio-800x400.jpg\"},{\"@type\":\"BreadcrumbList\",\"@id\":\"https:\/\/artalu.pt\/servicos\/vedacoes\/#breadcrumb\",\"itemListElement\":[{\"@type\":\"ListItem\",\"position\":1,\"name\":\"In\u00edcio\",\"item\":\"https:\/\/artalu.pt\/\"},{\"@type\":\"ListItem\",\"position\":2,\"name\":\"Servi\u00e7os\",\"item\":\"https:\/\/artalu.pt\/servicos\/\"},{\"@type\":\"ListItem\",\"position\":3,\"name\":\"Veda\u00e7\u00f5es\"}]},{\"@type\":\"WebSite\",\"@id\":\"https:\/\/artalu.pt\/#website\",\"url\":\"https:\/\/artalu.pt\/\",\"name\":\"Art Alu\",\"description\":\"Caleiras, Rufos, Junta Agrafada, Port\u00f5es e Tetos Falsos\",\"publisher\":{\"@id\":\"https:\/\/artalu.pt\/#organization\"},\"potentialAction\":[{\"@type\":\"SearchAction\",\"target\":{\"@type\":\"EntryPoint\",\"urlTemplate\":\"https:\/\/artalu.pt\/?s={search_term_string}\"},\"query-input\":{\"@type\":\"PropertyValueSpecification\",\"valueRequired\":true,\"valueName\":\"search_term_string\"}}],\"inLanguage\":\"fr-FR\"},{\"@type\":\"Organization\",\"@id\":\"https:\/\/artalu.pt\/#organization\",\"name\":\"Art Alu - Caleiras, Rufos, Junta Agrafada, Port\u00f5es e Tetos Falsos\",\"url\":\"https:\/\/artalu.pt\/\",\"logo\":{\"@type\":\"ImageObject\",\"inLanguage\":\"fr-FR\",\"@id\":\"https:\/\/artalu.pt\/#\/schema\/logo\/image\/\",\"url\":\"https:\/\/artalu.pt\/wp-content\/uploads\/2020\/06\/logo.png\",\"contentUrl\":\"https:\/\/artalu.pt\/wp-content\/uploads\/2020\/06\/logo.png\",\"width\":235,\"height\":82,\"caption\":\"Art Alu - Caleiras, Rufos, Junta Agrafada, Port\u00f5es e Tetos Falsos\"},\"image\":{\"@id\":\"https:\/\/artalu.pt\/#\/schema\/logo\/image\/\"},\"sameAs\":[\"https:\/\/www.facebook.com\/Art-alu-537140353141922\/\"]}]}<\/script>\n<!-- \/ Yoast SEO plugin. -->","yoast_head_json":{"title":"Veda\u00e7\u00f5es - Art Alu","robots":{"index":"index","follow":"follow","max-snippet":"max-snippet:-1","max-image-preview":"max-image-preview:large","max-video-preview":"max-video-preview:-1"},"canonical":"https:\/\/artalu.pt\/fr\/servicos\/vedacoes\/","og_locale":"fr_FR","og_type":"article","og_title":"Veda\u00e7\u00f5es - Art Alu","og_description":"Veda\u00e7\u00f5es em Alum\u00ednio Sistema de veda\u00e7\u00e3o em alum\u00ednio altamente resistente, inovador e f\u00e1cil de montar. Esta veda\u00e7\u00e3o em alum\u00ednio \u00e9 a solu\u00e7\u00e3o ideal para delimitar esteticamente a sua propriedade. Fabricada com perfis de alum\u00ednio termolacado [&hellip;]","og_url":"https:\/\/artalu.pt\/fr\/servicos\/vedacoes\/","og_site_name":"Art Alu","article_publisher":"https:\/\/www.facebook.com\/Art-alu-537140353141922\/","article_modified_time":"2023-04-13T21:15:59+00:00","og_image":[{"url":"https:\/\/artalu.pt\/wp-content\/uploads\/VEDACOES-em-aluminio-800x400.jpg","type":"","width":"","height":""}],"twitter_card":"summary_large_image","twitter_misc":{"Dur\u00e9e de lecture estim\u00e9e":"2 minutes"},"schema":{"@context":"https:\/\/schema.org","@graph":[{"@type":"WebPage","@id":"https:\/\/artalu.pt\/servicos\/vedacoes\/","url":"https:\/\/artalu.pt\/servicos\/vedacoes\/","name":"Veda\u00e7\u00f5es - Art Alu","isPartOf":{"@id":"https:\/\/artalu.pt\/#website"},"primaryImageOfPage":{"@id":"https:\/\/artalu.pt\/servicos\/vedacoes\/#primaryimage"},"image":{"@id":"https:\/\/artalu.pt\/servicos\/vedacoes\/#primaryimage"},"thumbnailUrl":"https:\/\/artalu.pt\/wp-content\/uploads\/VEDACOES-em-aluminio-800x400.jpg","datePublished":"2021-05-26T02:18:49+00:00","dateModified":"2023-04-13T21:15:59+00:00","breadcrumb":{"@id":"https:\/\/artalu.pt\/servicos\/vedacoes\/#breadcrumb"},"inLanguage":"fr-FR","potentialAction":[{"@type":"ReadAction","target":["https:\/\/artalu.pt\/servicos\/vedacoes\/"]}]},{"@type":"ImageObject","inLanguage":"fr-FR","@id":"https:\/\/artalu.pt\/servicos\/vedacoes\/#primaryimage","url":"https:\/\/artalu.pt\/wp-content\/uploads\/VEDACOES-em-aluminio-800x400.jpg","contentUrl":"https:\/\/artalu.pt\/wp-content\/uploads\/VEDACOES-em-aluminio-800x400.jpg"},{"@type":"BreadcrumbList","@id":"https:\/\/artalu.pt\/servicos\/vedacoes\/#breadcrumb","itemListElement":[{"@type":"ListItem","position":1,"name":"In\u00edcio","item":"https:\/\/artalu.pt\/"},{"@type":"ListItem","position":2,"name":"Servi\u00e7os","item":"https:\/\/artalu.pt\/servicos\/"},{"@type":"ListItem","position":3,"name":"Veda\u00e7\u00f5es"}]},{"@type":"WebSite","@id":"https:\/\/artalu.pt\/#website","url":"https:\/\/artalu.pt\/","name":"Art Alu","description":"Caleiras, Rufos, Junta Agrafada, Port\u00f5es e Tetos Falsos","publisher":{"@id":"https:\/\/artalu.pt\/#organization"},"potentialAction":[{"@type":"SearchAction","target":{"@type":"EntryPoint","urlTemplate":"https:\/\/artalu.pt\/?s={search_term_string}"},"query-input":{"@type":"PropertyValueSpecification","valueRequired":true,"valueName":"search_term_string"}}],"inLanguage":"fr-FR"},{"@type":"Organization","@id":"https:\/\/artalu.pt\/#organization","name":"Art Alu - Caleiras, Rufos, Junta Agrafada, Port\u00f5es e Tetos Falsos","url":"https:\/\/artalu.pt\/","logo":{"@type":"ImageObject","inLanguage":"fr-FR","@id":"https:\/\/artalu.pt\/#\/schema\/logo\/image\/","url":"https:\/\/artalu.pt\/wp-content\/uploads\/2020\/06\/logo.png","contentUrl":"https:\/\/artalu.pt\/wp-content\/uploads\/2020\/06\/logo.png","width":235,"height":82,"caption":"Art Alu - Caleiras, Rufos, Junta Agrafada, Port\u00f5es e Tetos Falsos"},"image":{"@id":"https:\/\/artalu.pt\/#\/schema\/logo\/image\/"},"sameAs":["https:\/\/www.facebook.com\/Art-alu-537140353141922\/"]}]}},"_links":{"self":[{"href":"https:\/\/artalu.pt\/fr\/wp-json\/wp\/v2\/pages\/4886","targetHints":{"allow":["GET"]}}],"collection":[{"href":"https:\/\/artalu.pt\/fr\/wp-json\/wp\/v2\/pages"}],"about":[{"href":"https:\/\/artalu.pt\/fr\/wp-json\/wp\/v2\/types\/page"}],"author":[{"embeddable":true,"href":"https:\/\/artalu.pt\/fr\/wp-json\/wp\/v2\/users\/2"}],"replies":[{"embeddable":true,"href":"https:\/\/artalu.pt\/fr\/wp-json\/wp\/v2\/comments?post=4886"}],"version-history":[{"count":0,"href":"https:\/\/artalu.pt\/fr\/wp-json\/wp\/v2\/pages\/4886\/revisions"}],"up":[{"embeddable":true,"href":"https:\/\/artalu.pt\/fr\/wp-json\/wp\/v2\/pages\/11"}],"wp:attachment":[{"href":"https:\/\/artalu.pt\/fr\/wp-json\/wp\/v2\/media?parent=4886"}],"curies":[{"name":"wp","href":"https:\/\/api.w.org\/{rel}","templated":true}]}}