{"id":558,"date":"2015-03-25T15:29:42","date_gmt":"2015-03-25T15:29:42","guid":{"rendered":"http:\/\/webuild.netbee.shop\/demo\/?page_id=558"},"modified":"2023-04-13T21:08:25","modified_gmt":"2023-04-13T20:08:25","slug":"faq","status":"publish","type":"page","link":"https:\/\/artalu.pt\/fr\/faq\/","title":{"rendered":"FAQ"},"content":{"rendered":"<div class=\"wpb-content-wrapper\">\t<div class=\"vc_row wpb_row vc_row-fluid\" ><div class=\"wpb_column vc_column_container vc_col-sm-2\"><div class=\"vc_column-inner\"><div class=\"wpb_wrapper\"><\/div><\/div><\/div><div class=\"wpb_column vc_column_container vc_col-sm-8\"><div class=\"vc_column-inner\"><div class=\"wpb_wrapper\"><div class=\"pro-faq\"><div class=\"pro-faq-filter\"><a href=\"#\" data-filter=\"*\" class=\"active\">Tout<\/a><a href=\"#\" data-filter=\".localizacao\">Emplacement<\/a><a href=\"#\" data-filter=\".horarios\">Des horaires<\/a><a href=\"#\" data-filter=\".orcamentos\">Les budgets<\/a><a href=\"#\" data-filter=\".materia-prima\">Mati\u00e8re premi\u00e8re<\/a><a href=\"#\" data-filter=\".servicos\">Prestations de service<\/a><a href=\"#\" data-filter=\".obras\">Construction<\/a><\/div><div class=\"pro-faq-isotope\"><div class=\"pro-faq-item localizacao\"><div class=\"pro-toggle\"><h4 class=\"pro-toggle-title\"><i class=\"pro-in fa pro-anim-icon\"><\/i>O\u00f9 est situ\u00e9e l&#039;entreprise?<\/h4><div class=\"pro-toggle-content\"><p>Notre si\u00e8ge social est situe \u00e0 Geraz do Lima, dans le r\u00e9gion de Viana do Castelo.<\/p>\n<\/div><\/div><div class=\"pro-toggle\"><h4 class=\"pro-toggle-title\"><i class=\"pro-in fa pro-anim-icon\"><\/i>G\u00e9ographiquement, o\u00f9 sont situ\u00e9es vos chantiers?<\/h4><div class=\"pro-toggle-content\"><p>Principalement, au nord du Portugal, r\u00e9gion de Viana do Castelo et Porto, mais ponctuellement, nous pourrons aussi r\u00e9aliser tout chantier dans le sud du pays. Aussi, sommes-nous \u00e0 votre enti\u00e8re disposition pour analiser votre projet et trouver ensemble la meilleure solution.<\/p>\n<\/div><\/div><\/div><div class=\"pro-faq-item horarios\"><div class=\"pro-toggle\"><h4 class=\"pro-toggle-title\"><i class=\"pro-in fa pro-anim-icon\"><\/i>Quelles sont les heures d'ouverture d'ART ALU?<\/h4><div class=\"pro-toggle-content\"><p>Nous sommes ouverts du lundi au vendredi de 8h30 \u00e0 18h30.<\/p>\n<\/div><\/div><div class=\"pro-toggle\"><h4 class=\"pro-toggle-title\"><i class=\"pro-in fa pro-anim-icon\"><\/i>Je n'ai pas de disponibilit\u00e9 en semaine, pouvez-vous pr\u00e9voir une visite pour voir le chantier?<\/h4><div class=\"pro-toggle-content\"><p>Oui, nous pouvons pr\u00e9voir une visite le samedi matin en vue de vous \u00e9tablir un devis.<\/p>\n<\/div><\/div><\/div><div class=\"pro-faq-item orcamentos\"><div class=\"pro-toggle\"><h4 class=\"pro-toggle-title\"><i class=\"pro-in fa pro-anim-icon\"><\/i>Combien de temps, vais-je attendre mon devis?<\/h4><div class=\"pro-toggle-content\"><p>Tout d\u00e9pend du chantier, mais g\u00e9n\u00e9ralement, vous recevrez la r\u00e9ponse dans un d\u00e9lai de 72 heures.<\/p>\n<\/div><\/div><\/div><div class=\"pro-faq-item materia-prima\"><div class=\"pro-toggle\"><h4 class=\"pro-toggle-title\"><i class=\"pro-in fa pro-anim-icon\"><\/i>Quelles mati\u00e8res premi\u00e8res sont utilis\u00e9es?<\/h4><div class=\"pro-toggle-content\"><p>Pour l'aluminium, nous utilisons deux types de laqu\u00e9, le polyester (laqu\u00e9 lisse) et le polyamide (laqu\u00e9 textur\u00e9e) d'une \u00e9paisseur de 0,7 mm.<\/p>\n<p>Pour le zinc naturel et le cuivre, nous utilisons une \u00e9paisseur de 0,5 mm et 0,6 mm.<\/p>\n<\/div><\/div><\/div><div class=\"pro-faq-item servicos\"><div class=\"pro-toggle\"><h4 class=\"pro-toggle-title\"><i class=\"pro-in fa pro-anim-icon\"><\/i>Quels services puis-je trouver dans votre entreprise?<\/h4><div class=\"pro-toggle-content\"><p>Nous nous consacrons \u00e0 la fourniture et\/ou pose de goutti\u00e8res, de solins, de joints debout, de faux plafonds et de portails \/ rambardes en aluminium soud\u00e9.<\/p>\n<\/div><\/div><div class=\"pro-toggle\"><h4 class=\"pro-toggle-title\"><i class=\"pro-in fa pro-anim-icon\"><\/i>J'ai l'intention d'acheter du mat\u00e9riel sans pose, puis-je le faire?<\/h4><div class=\"pro-toggle-content\"><p>Oui, ART ALU vend \u00e9galement ses mat\u00e9riaux sans application. Le client peut donc les acheter et les appliquer soi-m\u00eame.<\/p>\n<\/div><\/div><\/div><div class=\"pro-faq-item obras\"><div class=\"pro-toggle\"><h4 class=\"pro-toggle-title\"><i class=\"pro-in fa pro-anim-icon\"><\/i>Puis-je voir un travail?<\/h4><div class=\"pro-toggle-content\"><p>Oui, dans notre galerie photos, vous trouverez plusieurs oeuvres r\u00e9alis\u00e9es.<\/p>\n<\/div><\/div><\/div><\/div><\/div><\/div><\/div><\/div><div class=\"wpb_column vc_column_container vc_col-sm-2\"><div class=\"vc_column-inner\"><div class=\"wpb_wrapper\"><\/div><\/div><\/div><\/div><div class=\"vc_row-full-width\"><\/div>\n<\/div>","protected":false},"excerpt":{"rendered":"<a href=\"https:\/\/artalu.pt\/fr\/faq\/\" class=\"entry-more pro-btn pro-btn-rounded pro-btn-xxs pro-btn-flat-accent\">Lire la suite<span class=\"screen-reader-text\"> \u00e0 propos de la FAQ<\/span><\/a>","protected":false},"author":2,"featured_media":0,"parent":0,"menu_order":0,"comment_status":"closed","ping_status":"closed","template":"","meta":{"footnotes":""},"class_list":["post-558","page","type-page","status-publish","hentry"],"yoast_head":"<!-- This site is optimized with the Yoast SEO plugin v26.6 - https:\/\/yoast.com\/wordpress\/plugins\/seo\/ -->\n<title>FAQ - Art Alu<\/title>\n<meta name=\"robots\" content=\"index, follow, max-snippet:-1, max-image-preview:large, max-video-preview:-1\" \/>\n<link rel=\"canonical\" href=\"https:\/\/artalu.pt\/fr\/faq\/\" \/>\n<meta property=\"og:locale\" content=\"fr_FR\" \/>\n<meta property=\"og:type\" content=\"article\" \/>\n<meta property=\"og:title\" content=\"FAQ - Art Alu\" \/>\n<meta property=\"og:url\" content=\"https:\/\/artalu.pt\/fr\/faq\/\" \/>\n<meta property=\"og:site_name\" content=\"Art Alu\" \/>\n<meta property=\"article:publisher\" content=\"https:\/\/www.facebook.com\/Art-alu-537140353141922\/\" \/>\n<meta property=\"article:modified_time\" content=\"2023-04-13T20:08:25+00:00\" \/>\n<meta name=\"twitter:card\" content=\"summary_large_image\" \/>\n<meta name=\"twitter:label1\" content=\"Dur\u00e9e de lecture estim\u00e9e\" \/>\n\t<meta name=\"twitter:data1\" content=\"2 minutes\" \/>\n<script type=\"application\/ld+json\" class=\"yoast-schema-graph\">{\"@context\":\"https:\/\/schema.org\",\"@graph\":[{\"@type\":\"WebPage\",\"@id\":\"https:\/\/artalu.pt\/faq\/\",\"url\":\"https:\/\/artalu.pt\/faq\/\",\"name\":\"FAQ - Art Alu\",\"isPartOf\":{\"@id\":\"https:\/\/artalu.pt\/#website\"},\"datePublished\":\"2015-03-25T15:29:42+00:00\",\"dateModified\":\"2023-04-13T20:08:25+00:00\",\"breadcrumb\":{\"@id\":\"https:\/\/artalu.pt\/faq\/#breadcrumb\"},\"inLanguage\":\"fr-FR\",\"potentialAction\":[{\"@type\":\"ReadAction\",\"target\":[\"https:\/\/artalu.pt\/faq\/\"]}]},{\"@type\":\"BreadcrumbList\",\"@id\":\"https:\/\/artalu.pt\/faq\/#breadcrumb\",\"itemListElement\":[{\"@type\":\"ListItem\",\"position\":1,\"name\":\"In\u00edcio\",\"item\":\"https:\/\/artalu.pt\/\"},{\"@type\":\"ListItem\",\"position\":2,\"name\":\"FAQ\"}]},{\"@type\":\"WebSite\",\"@id\":\"https:\/\/artalu.pt\/#website\",\"url\":\"https:\/\/artalu.pt\/\",\"name\":\"Art Alu\",\"description\":\"Caleiras, Rufos, Junta Agrafada, Port\u00f5es e Tetos Falsos\",\"publisher\":{\"@id\":\"https:\/\/artalu.pt\/#organization\"},\"potentialAction\":[{\"@type\":\"SearchAction\",\"target\":{\"@type\":\"EntryPoint\",\"urlTemplate\":\"https:\/\/artalu.pt\/?s={search_term_string}\"},\"query-input\":{\"@type\":\"PropertyValueSpecification\",\"valueRequired\":true,\"valueName\":\"search_term_string\"}}],\"inLanguage\":\"fr-FR\"},{\"@type\":\"Organization\",\"@id\":\"https:\/\/artalu.pt\/#organization\",\"name\":\"Art Alu - Caleiras, Rufos, Junta Agrafada, Port\u00f5es e Tetos Falsos\",\"url\":\"https:\/\/artalu.pt\/\",\"logo\":{\"@type\":\"ImageObject\",\"inLanguage\":\"fr-FR\",\"@id\":\"https:\/\/artalu.pt\/#\/schema\/logo\/image\/\",\"url\":\"https:\/\/artalu.pt\/wp-content\/uploads\/2020\/06\/logo.png\",\"contentUrl\":\"https:\/\/artalu.pt\/wp-content\/uploads\/2020\/06\/logo.png\",\"width\":235,\"height\":82,\"caption\":\"Art Alu - Caleiras, Rufos, Junta Agrafada, Port\u00f5es e Tetos Falsos\"},\"image\":{\"@id\":\"https:\/\/artalu.pt\/#\/schema\/logo\/image\/\"},\"sameAs\":[\"https:\/\/www.facebook.com\/Art-alu-537140353141922\/\"]}]}<\/script>\n<!-- \/ Yoast SEO plugin. -->","yoast_head_json":{"title":"FAQ - Art Alu","robots":{"index":"index","follow":"follow","max-snippet":"max-snippet:-1","max-image-preview":"max-image-preview:large","max-video-preview":"max-video-preview:-1"},"canonical":"https:\/\/artalu.pt\/fr\/faq\/","og_locale":"fr_FR","og_type":"article","og_title":"FAQ - Art Alu","og_url":"https:\/\/artalu.pt\/fr\/faq\/","og_site_name":"Art Alu","article_publisher":"https:\/\/www.facebook.com\/Art-alu-537140353141922\/","article_modified_time":"2023-04-13T20:08:25+00:00","twitter_card":"summary_large_image","twitter_misc":{"Dur\u00e9e de lecture estim\u00e9e":"2 minutes"},"schema":{"@context":"https:\/\/schema.org","@graph":[{"@type":"WebPage","@id":"https:\/\/artalu.pt\/faq\/","url":"https:\/\/artalu.pt\/faq\/","name":"FAQ - Art Alu","isPartOf":{"@id":"https:\/\/artalu.pt\/#website"},"datePublished":"2015-03-25T15:29:42+00:00","dateModified":"2023-04-13T20:08:25+00:00","breadcrumb":{"@id":"https:\/\/artalu.pt\/faq\/#breadcrumb"},"inLanguage":"fr-FR","potentialAction":[{"@type":"ReadAction","target":["https:\/\/artalu.pt\/faq\/"]}]},{"@type":"BreadcrumbList","@id":"https:\/\/artalu.pt\/faq\/#breadcrumb","itemListElement":[{"@type":"ListItem","position":1,"name":"In\u00edcio","item":"https:\/\/artalu.pt\/"},{"@type":"ListItem","position":2,"name":"FAQ"}]},{"@type":"WebSite","@id":"https:\/\/artalu.pt\/#website","url":"https:\/\/artalu.pt\/","name":"Art Alu","description":"Caleiras, Rufos, Junta Agrafada, Port\u00f5es e Tetos Falsos","publisher":{"@id":"https:\/\/artalu.pt\/#organization"},"potentialAction":[{"@type":"SearchAction","target":{"@type":"EntryPoint","urlTemplate":"https:\/\/artalu.pt\/?s={search_term_string}"},"query-input":{"@type":"PropertyValueSpecification","valueRequired":true,"valueName":"search_term_string"}}],"inLanguage":"fr-FR"},{"@type":"Organization","@id":"https:\/\/artalu.pt\/#organization","name":"Art Alu - Caleiras, Rufos, Junta Agrafada, Port\u00f5es e Tetos Falsos","url":"https:\/\/artalu.pt\/","logo":{"@type":"ImageObject","inLanguage":"fr-FR","@id":"https:\/\/artalu.pt\/#\/schema\/logo\/image\/","url":"https:\/\/artalu.pt\/wp-content\/uploads\/2020\/06\/logo.png","contentUrl":"https:\/\/artalu.pt\/wp-content\/uploads\/2020\/06\/logo.png","width":235,"height":82,"caption":"Art Alu - Caleiras, Rufos, Junta Agrafada, Port\u00f5es e Tetos Falsos"},"image":{"@id":"https:\/\/artalu.pt\/#\/schema\/logo\/image\/"},"sameAs":["https:\/\/www.facebook.com\/Art-alu-537140353141922\/"]}]}},"_links":{"self":[{"href":"https:\/\/artalu.pt\/fr\/wp-json\/wp\/v2\/pages\/558","targetHints":{"allow":["GET"]}}],"collection":[{"href":"https:\/\/artalu.pt\/fr\/wp-json\/wp\/v2\/pages"}],"about":[{"href":"https:\/\/artalu.pt\/fr\/wp-json\/wp\/v2\/types\/page"}],"author":[{"embeddable":true,"href":"https:\/\/artalu.pt\/fr\/wp-json\/wp\/v2\/users\/2"}],"replies":[{"embeddable":true,"href":"https:\/\/artalu.pt\/fr\/wp-json\/wp\/v2\/comments?post=558"}],"version-history":[{"count":0,"href":"https:\/\/artalu.pt\/fr\/wp-json\/wp\/v2\/pages\/558\/revisions"}],"wp:attachment":[{"href":"https:\/\/artalu.pt\/fr\/wp-json\/wp\/v2\/media?parent=558"}],"curies":[{"name":"wp","href":"https:\/\/api.w.org\/{rel}","templated":true}]}}